{"id":168,"date":"2018-12-11T16:45:59","date_gmt":"2018-12-11T15:45:59","guid":{"rendered":"http:\/\/orcivalmusic.com\/?page_id=168"},"modified":"2025-03-04T17:09:22","modified_gmt":"2025-03-04T16:09:22","slug":"tour","status":"publish","type":"page","link":"https:\/\/orcivalmusic.com\/index.php\/tour\/","title":{"rendered":"TOUR"},"content":{"rendered":"\n<p class=\"has-medium-font-size\"><strong><em>Les prochaines dates<\/em><\/strong> <strong>2025<\/strong>:<\/p>\n\n\n\n<p>&#8211; Le <strong>14 Mars \u00e0 La Grande Famille<\/strong> (31) <strong>en duo,<\/strong> Start 21h<\/p>\n\n\n\n<p>&#8211; Le <strong>5 Avril<\/strong> \u00e0 <strong>l&rsquo;Entrepote, Gratentour<\/strong> (31) en solo, Start 12h00<\/p>\n\n\n\n<p>&#8211; Le <strong>30 Avril au SoueichKf\u00e9<\/strong> (31) en solo, Start 20h30<\/p>\n\n\n\n<p>&#8211; Le<strong> 3 Mai<\/strong> \u00e0 la<strong> Pistoufleurie<\/strong>, <strong>Cassagnab\u00e8re tournas<\/strong> (31), en solo, Start 19h00<\/p>\n\n\n\n<p>&#8211; Le <strong>23 Mai <\/strong>\u00e0 la <strong>Brasserie du Parc, Albi <\/strong>(81), en solo, Start 19h00<\/p>\n\n\n\n<p>&#8211; Le <strong>20 Juin<\/strong> concert priv\u00e9 en solo, <strong>vall\u00e9e de Vicdessos <\/strong>(09), Start 20h Contacter 06 76 23 50 14 pour r\u00e9sa<\/p>\n\n\n\n<p>&#8211; Le <strong>22 Juin F\u00eate de la montagne, Col du Chioula<\/strong> (09), <strong>en duo<\/strong>, Start 16h30<\/p>\n\n\n\n<p>&#8211; Le <strong>18 Juillet \u00e0 la f\u00eate de M\u00e9rens les Vals<\/strong> (09), en solo, Start 19h00<\/p>\n\n\n\n<p>&#8211; Le <strong>19 Juillet \u00e0 la f\u00eate de M\u00e9rens les Vals<\/strong> (09), <strong>en duo<\/strong>, Start 19h00<\/p>\n\n\n\n<p>&#8211; Le <strong>23 Juillet \u00e0 La Guinguette de Albas<\/strong> (46), en solo, Start 19h00<\/p>\n\n\n\n<p>&#8211; Le <strong>26 Juillet \u00e0 la F\u00eate du Quai Saint Jacques, Gaillac<\/strong> (81), <strong>en duo<\/strong>, Start 19h00<\/p>\n\n\n\n<p>&#8211; Le <strong>1er Ao\u00fbt Chez Titut, Cr\u00e9on<\/strong> (33), <strong>en duo<\/strong>, Start 19h00<\/p>\n\n\n\n<p>&#8211; Le <strong>2 Ao\u00fbt \u00e0 la Cr\u00e9merie des Tilleuls<\/strong>, <strong>Villandraud<\/strong> (33), <strong>en duo<\/strong>, Start 19h00<\/p>\n\n\n\n<p>&#8211; Le <strong>3 Ao\u00fbt au Joyeux March\u00e9, Pr\u00e9chac<\/strong> (33), <strong>en duo<\/strong>, Start 11h00<\/p>\n\n\n\n<p>&#8211; Le <strong>21 Novembre<\/strong> concert sortie de r\u00e9sidence de cr\u00e9ation au<strong> Centre Culturel Saint Simon, Toulouse<\/strong> (31), <strong>en trio<\/strong>, Start 19h00<\/p>\n\n\n\n<p><strong><em>2026<\/em><\/strong>:<\/p>\n\n\n\n<p>&#8211; Le <strong>26 Mars Sortie d&rsquo;album officielle! \u00e0 l&rsquo;Espace JOB, Toulouse (31), en quartet avec des invit\u00e9s!<\/strong><\/p>\n\n\n\n<details class=\"wp-block-details is-layout-flow wp-block-details-is-layout-flow\"><summary>DATES PASSEES<br><br><br><\/summary>\n<p>&#8211; Le <strong>27 Avril<\/strong> \u00e0 <strong>Unac<\/strong> (09), Soir\u00e9e priv\u00e9e<\/p>\n\n\n\n<p>&#8211; Le <strong>1er Juin<\/strong> \u00e0 \u00ab\u00a0<strong>La corne verte<\/strong>\u00ab\u00a0, Bazas (33) Solo<\/p>\n\n\n\n<p>&#8211; Le<strong> 28 Juin <\/strong>\u00e0 <strong>Portet sur Garonne<\/strong> (31), parvis du ch\u00e2teau, en duo.<\/p>\n\n\n\n<p>&#8211; Le <strong>29 Juin Guinguette La Guitoune<\/strong>, Pinsaguel (31)<\/p>\n\n\n\n<p>&#8211; Le<strong> 5 Juillet<\/strong> \u00e0 la <strong>guinguette de Albas<\/strong> (46), en duo.<\/p>\n\n\n\n<p>&#8211; Le <strong>6 Juillet<\/strong> au <strong>Cercle de Bazas<\/strong> (33) en duo<\/p>\n\n\n\n<p>&#8211; Le <strong>12 Juillet<\/strong> Chez <strong>Titut<\/strong> \u00e0 Cr\u00e9on (33) en duo<\/p>\n\n\n\n<p>&#8211; Le<strong> 19 Juillet<\/strong> pour la f\u00eate de <strong>M\u00e9rens les Vals<\/strong> (09) solo<\/p>\n\n\n\n<p>&#8211; Le <strong>20 Juillet<\/strong> pour la f\u00eate de <strong>M\u00e9rens les Vals<\/strong> (09) en duo<\/p>\n\n\n\n<p>&#8211; Le <strong>27 Juillet<\/strong> \u00e0 La <strong>f\u00eate du Quai Saint Jacques<\/strong>, Gaillac (81) solo<\/p>\n\n\n\n<p>&#8211; Le <strong>5 Ao\u00fbt <\/strong>au <strong>Bar \u00e0 Quai,<\/strong> La Noue, \u00eele de R\u00e9 (17) solo<\/p>\n\n\n\n<p>&#8211; Le <strong>7 Ao\u00fbt<\/strong> au<strong> Ben Hur<\/strong>, Saint Martin de R\u00e9 (17) solo<\/p>\n\n\n\n<p>&#8211; Le <strong>13 Ao\u00fbt<\/strong> <strong>Guinguette du Bois Plage<\/strong>, \u00eele de R\u00e9 (17) en duo<\/p>\n\n\n\n<p>&#8211; Le <strong>19 Ao\u00fbt<\/strong> au <strong>Bar \u00e0 Quai<\/strong>, <strong>La Noue<\/strong>, \u00eele de R\u00e9 (17) solo<\/p>\n\n\n\n<p>&#8211; Le <strong>27 Ao\u00fbt<\/strong> au <strong>March\u00e9 des Cr\u00e9ateurs<\/strong> de <strong>La noue<\/strong> (17), Start 18h30 solo<\/p>\n\n\n\n<p>&#8211; Le <strong>29 Ao\u00fbt<\/strong> au <strong>Floana,<\/strong> <strong>la Couarde sur mer<\/strong> (17) solo<\/p>\n\n\n\n<p>&#8211; Le <strong>22 Novembre<\/strong> au <strong>Sc\u00e9nophage<\/strong>, Gaillac (81) solo<\/p>\n\n\n\n<p>&#8211; Le <strong>15 Novembre<\/strong> <strong>Mont Louis<\/strong> (66),  solo<\/p>\n\n\n\n<p>&#8211; Le <strong>7 D\u00e9cembre m\u00e9diath\u00e8que de Auzat<\/strong> (09), en duo violoncelle, start 19h00<\/p>\n\n\n\n<p>&#8211; Le <strong>23 Novembre <\/strong>aux <strong>Halles de la Cartoucherie<\/strong> pour <strong>Toulouse Folk Society!<\/strong> en duo violoncelle, start 19h00<\/p>\n\n\n\n<p>&#8211; Le <strong>25 Janvier<\/strong> (2025) au <strong>Relais de poche<\/strong>, Vernioles (09) en duo<\/p>\n\n\n\n<h3 class=\"wp-block-heading\"><em><em>2023<\/em><\/em><\/h3>\n\n\n\n<ul class=\"wp-block-list\">\n<li>Le<strong> 12 Juillet \u00e0 Pistache Tatoo<\/strong>,<strong> Ax les thermes<\/strong> (09)<\/li>\n\n\n\n<li>Le <strong>13 Juillet<\/strong> Soir\u00e9e priv\u00e9 <strong>Bazas<\/strong> (33)<\/li>\n\n\n\n<li>Le<strong> 14 Juillet <\/strong>chez <strong>Titut \u00e0 Cr\u00e9on<\/strong> (33670) &#8211; Start 19h !<\/li>\n\n\n\n<li>Le <strong>15 Juillet<\/strong> \u00e0 la <strong>Guinguette de Albas <\/strong>(46140). Start 19h !<\/li>\n\n\n\n<li>Le <strong>17 Juillet Guinguette mobile d&rsquo;Albas<\/strong> \u00e0 <strong>Prayssac<\/strong> (46220 Prayssac). Start 19h.<\/li>\n\n\n\n<li>Le <strong>18 Juillet Guinguette mobile d&rsquo;Albas<\/strong> \u00e0 <strong>Montcuq <\/strong>(46800 Montcuq). Start 19h.<\/li>\n\n\n\n<li>Le <strong>20 Juillet<\/strong> au <strong>Calam\u00e8s<\/strong>, <strong>B\u00e9deillac et Aynat<\/strong> (09). Start 19h.<\/li>\n\n\n\n<li>Le <strong>21 Juillet<\/strong> \u00e0 la f\u00eate de <strong>M\u00e9rens les Vals<\/strong> \u00e0 <strong>M\u00e9rens d&rsquo;en haut<\/strong> (09). Start 19h.<\/li>\n\n\n\n<li>Le <strong>22 Juillet<\/strong> \u00e0 la f\u00eate de <strong>M\u00e9rens les Vals en duo<\/strong> (saxophones)<\/li>\n\n\n\n<li>Le <strong>3 Ao\u00fbt<\/strong> au <strong>Bar \u00e0 Quai<\/strong> (La noue, \u00eele de R\u00e9). Start 19h.<\/li>\n\n\n\n<li>Le <strong>8 Ao\u00fbt<\/strong> \u00e0 la <strong>Guinguette du Bois Plage<\/strong>. (\u00eele de R\u00e9). Start 19h.<\/li>\n\n\n\n<li>Le <strong>10 Ao\u00fbt<\/strong> au <strong>March\u00e9 des cr\u00e9ateurs de La Noue<\/strong> (\u00eele de R\u00e9). Start 19h.<\/li>\n\n\n\n<li>Le <strong>17 Ao\u00fbt <\/strong>au<strong> Bar \u00e0 Quai<\/strong> (La Noue \u00eele de R\u00e9). Start 19h.<\/li>\n\n\n\n<li>Le <strong>21 Ao\u00fbt<\/strong> sur le <strong>port de Saint Martin<\/strong> (\u00eele de R\u00e9), march\u00e9 des commer\u00e7ants. Start 19h.<\/li>\n\n\n\n<li>Le <strong>30 Ao\u00fbt <\/strong>au <strong>Caf\u00e9 Zorba, \u00eele d&rsquo;Ol\u00e9ron<\/strong>. Start 19h<\/li>\n<\/ul>\n\n\n\n<h3 class=\"wp-block-heading\"><em>2022<\/em><\/h3>\n\n\n\n<ul class=\"wp-block-list\">\n<li>Le <strong>10 F\u00e9vrier <\/strong>au <strong>Road 524<\/strong>, <strong>Maz\u00e8res <\/strong>(<strong>33<\/strong>). R\u00e9servation au 05 56 27 08 66<\/li>\n\n\n\n<li>Le <strong>12 Mars 2022<\/strong> \u00e0 <strong>La Topina<\/strong> (Toulouse) en <strong>duo avec Hugo Collin<\/strong> (Saxophones). Soir\u00e9e avec <strong>Louis Z<\/strong> et <strong>Yougz and the wonder tambours. Start 19h. Gratos.<\/strong><\/li>\n\n\n\n<li>Le <strong>16 Juin<\/strong> \u00e0 la grotte de <strong>Lombrives<\/strong> (09) \u00e0 12h00.<\/li>\n\n\n\n<li>Le <strong>24 Juin<\/strong> \u00e0 <strong>Saint Loube<\/strong> (32) en solo, 19h00, sur r\u00e9servation.<\/li>\n\n\n\n<li>Le <strong>25 Juin<\/strong> \u00e0 <strong>Orgeix<\/strong> (09) au truck food \u00ab\u00a0Chez Stouf\u00a0\u00bb, 19h00<\/li>\n\n\n\n<li>Le <strong>30 Juin <\/strong>\u00e0 <strong>\u00ab\u00a0Square d&rsquo;\u00e9t\u00e9\u00a0\u00bb Gaillac<\/strong> (81), <strong>en trio<\/strong>, 19h00.<\/li>\n\n\n\n<li>Le <strong>1er Juillet<\/strong> \u00e0 la <strong>Guinguette de Albas<\/strong> (46), en solo, 19h00.<\/li>\n\n\n\n<li>du <strong>5 au 9 Juillet aux ap\u00e9ros du th\u00e9\u00e2tre du Grand Rond, en trio<\/strong>, 19h00.<\/li>\n\n\n\n<li>Le <strong>10 Juillet<\/strong> au \u00ab\u00a0<strong>Moulin de Bozouls<\/strong>\u00a0\u00bb en solo, 19h00.<\/li>\n\n\n\n<li>Le <strong>23 Juillet <\/strong>\u00e0 la f\u00eate de <strong>M\u00e9rens<\/strong> (09), en duo, 19h00.<\/li>\n\n\n\n<li>Le <strong>24 Juillet <\/strong>au <strong>\u00ab\u00a0Grand Caf\u00e9\u00a0\u00bb Ax les thermes<\/strong> (09), en solo, 19h00.<\/li>\n\n\n\n<li>Le <strong>28 Juillet <\/strong>au <strong>\u00ab\u00a0Calam\u00e8s\u00a0\u00bb \u00e0 B\u00e9deilhac<\/strong> (09), en solo, 19h00.<\/li>\n\n\n\n<li>Le<strong> 29 Juillet<\/strong> au <strong>14.80, Albi<\/strong> (81), en solo, 19h00.<\/li>\n<\/ul>\n\n\n\n<h3 class=\"wp-block-heading\"><em>2021<\/em><\/h3>\n\n\n\n<ul class=\"wp-block-list\">\n<li>Le <strong>11 d\u00e9cembre au Django Bar (Parentis en Born 33) <\/strong>en duo.<\/li>\n\n\n\n<li>Le <strong>19 Novembre<\/strong> pour<strong> Algorithme<\/strong>, en 1ere partie de Guilhem Desq, salle Ren\u00e9 Cassin <strong>Saint Sulpice <\/strong>(81), <strong>en solo<\/strong>. 7\/10\u20ac<\/li>\n\n\n\n<li>Le <strong>13 Octobre<\/strong> au <strong>Bijou<\/strong>, Toulouse, <strong>en trio,<\/strong> pour la <strong>sortie physique nationale de l&rsquo;album \u00ab\u00a0Time is coming\u00a0\u00bb<\/strong>. 7\/10\u20ac<\/li>\n\n\n\n<li>Le <strong>25 ao\u00fbt au Beach Bar bois plage, \u00eele de R\u00e9,<\/strong> 19h en solo. Gratuit.<\/li>\n\n\n\n<li>Le <strong>11 Ao\u00fbt au \u00ab\u00a0Beach Bar\u00a0\u00bb bois plage, \u00eele de R\u00e9<\/strong>, 19h, en<strong> solo.<\/strong> Gratuit.<\/li>\n\n\n\n<li>Le <strong>10 Ao\u00fbt <\/strong>\u00e0 la <strong>guinguette Le L\u00e9zard<\/strong>, 17480 <strong>\u00eele d&rsquo;Ol\u00e9ron, en solo<\/strong>. Gratuit.<\/li>\n\n\n\n<li>Le <strong>5 Ao\u00fbt<\/strong> \u00e0 La <strong>Guinguette \u00ab\u00a0Les Clapotis<\/strong>\u00ab\u00a0, 17800 <strong>Rouffiac<\/strong>, <strong>en solo.<\/strong> Gratuit.<\/li>\n\n\n\n<li>Le <strong>31 Juillet<\/strong> aux <strong>Estivales<\/strong>, <strong>Vieux<\/strong> (81) en <strong>trio<\/strong>.<\/li>\n\n\n\n<li>Le <strong>30 Juillet<\/strong> \u00e0 <strong>La Halle des Machines<\/strong>, Toulouse, en <strong>trio<\/strong>.<\/li>\n\n\n\n<li>Le <strong>14 Juillet<\/strong> en 1ere partie de <strong>Chouf, en trio<\/strong>. Lieu \u00e0 confirmer pr\u00e8s de Toulouse.<\/li>\n\n\n\n<li>Le <strong>13 Juillet<\/strong> au <strong>Caf\u00e9 Plum, Lautrec <\/strong>(81) en <strong>quintet.<\/strong> 7\/10\u20ac<\/li>\n\n\n\n<li>Le <strong>9 Juillet <\/strong>au <strong>CCAS d&rsquo;Albi<\/strong> (81) en <strong>solo<\/strong>, de 18h30 \u00e0 20h, espace Amade. Gratuit.<\/li>\n\n\n\n<li>Le <strong>4 Juillet<\/strong> au <strong>Joyeux march\u00e9<\/strong>, <strong>Pr\u00e9chac<\/strong> (33), en trio, start 10h30. Gratuit.<\/li>\n\n\n\n<li>Le <strong>1er Juillet \u00e0 Ax les thermes<\/strong> (09) au <strong>Grand caf\u00e9<\/strong> en <strong>duo<\/strong> avec Hugo Collin, 19h. Gratuit.<\/li>\n\n\n\n<li>Le <strong>25 Juin<\/strong> \u00e0 <strong>L&rsquo;Hospitalet (09)<\/strong> en duo avec Hugo Collin (saxophones), 19h. Gratuit.<\/li>\n\n\n\n<li>Le<strong> 11 Juin <\/strong>en direct sur <strong>radio Campus 94Mhz<\/strong>, \u00e9mission <strong>Caramel mou<\/strong>, 19h.<\/li>\n\n\n\n<li>Le <strong>4 Juin<\/strong> en showcase au magasin <strong>Valley and blues, Toulouse <\/strong>(31). Start 19h00. Jauge limit\u00e9e.<\/li>\n\n\n\n<li>Le <strong>16 Ao\u00fbt <\/strong>au <strong>Cactus<\/strong> \u00e0 <strong>Toulouse<\/strong>, 19h00.<\/li>\n\n\n\n<li>Le <strong>20 Ao\u00fbt<\/strong> \u00e0 <strong>Gaillac<\/strong> au square Mar\u00e9chal Joffre pour <strong>Cartes sur table<\/strong>, 19h30<\/li>\n\n\n\n<li>Le <strong>23 Ao\u00fbt<\/strong> \u00e0 <strong>Rabastens<\/strong> (81) au <strong>Pr\u00e9 vert<\/strong>+version swing, 18h30.<\/li>\n\n\n\n<li>Le 27 Ao\u00fbt \u00e0 Cagnac les mines (81), 18h00.<\/li>\n\n\n\n<li>Le 19 Septembre \u00e0 Septfonds (82) chez l&rsquo;habitant+repas. R\u00e9servation au 06 78 25 43 27, 19h00.<\/li>\n\n\n\n<li>Le <strong>8 Octobre \u00e0 l&rsquo;espace JOB<\/strong>, Toulouse, pour la pr\u00e9sentation Toulousaine du <strong>nouvel album<\/strong> \u00ab\u00a0<strong>Time is coming\u00a0\u00bb<\/strong>, en trio (contrebasse et batterie) avec tous les invit\u00e9s! : Violoncelle, violon, saxophones, trompette, harpe celtique, cornemuse). 20h30.<\/li>\n<\/ul>\n\n\n\n<h3 class=\"wp-block-heading\"><em>2020<\/em><\/h3>\n\n\n\n<ul class=\"wp-block-list\">\n<li>Le <strong>9 Janvier 2020 au Centre Culturel Saint Simon<\/strong>, en trio, Toulouse, 19h30.<\/li>\n\n\n\n<li>Le <strong>18 Janvier<\/strong> \u00e0 \u00ab\u00a0<strong>La maison de la terre<\/strong>\u00a0\u00bb ( 7 Rue des Hospitaliers, 31370 Poucharramet)<\/li>\n\n\n\n<li>Le <strong>14 F\u00e9vrier<\/strong> \u00e0 L<strong>&lsquo;Itin\u00e9raire bis<\/strong> (22 Rue de P\u00e9riole, 31500 Toulouse) en solo, 20h30.<\/li>\n\n\n\n<li>Le <strong>15 F\u00e9vrier <\/strong>au <strong>14.80 <\/strong>(10 Place Mgr Mignot, 81000 <strong>Albi<\/strong>), en solo+set swing! 21h00!<\/li>\n\n\n\n<li>Le <strong>13 Mars au Minimum <\/strong>(65 Avenue des Minimes, 31200 Toulouse) 20h.<\/li>\n\n\n\n<li>Du <strong>7 au 11 Avril <\/strong>aux <strong>Ap\u00e9ros du grand rond <\/strong>(Toulouse 31) <strong>19h00 du mardi au samedi. Gratuit.<\/strong><\/li>\n\n\n\n<li>Les <strong>30 et 31 Octobre au Bijou en trio<\/strong>! Sortie de l&rsquo;EP \u00ab\u00a0Time is coming\u00a0\u00bb!<\/li>\n\n\n\n<li>Le <strong>15 Novembre en duo <\/strong>au caf\u00e9 culturel <strong>\u00ab\u00a0La grande famille\u00a0\u00bb<\/strong> (12 rue d&rsquo;Andorre 31120 Pinsaguel)<\/li>\n<\/ul>\n\n\n\n<h3 class=\"wp-block-heading\"><em>2019<\/em><\/h3>\n\n\n\n<ul class=\"wp-block-list\">\n<li>Le samedi <strong>12 Janvier<\/strong> au <strong>\u00ab\u00a0Li\u00e8vre de Mars<\/strong>\u00a0\u00bb \u00e0 19h30, <strong>Noaillan (33)<\/strong><\/li>\n\n\n\n<li>Le mardi <strong>22 Janvier au Connexion caf\u00e9<\/strong>, <strong>Toulouse<\/strong>, pour le jam acoustique 19h00. Gratuit.<\/li>\n\n\n\n<li>Le samedi <strong>9 F\u00e9vrier \u00e0 Marcellus (47)<\/strong> pour l&rsquo;association Apache-no\u00efde \u00e0 <strong>20h<\/strong>. Participation libre.<\/li>\n\n\n\n<li>R\u00e9sidence de cr\u00e9ation <strong>en trio<\/strong> (percussions et basse) <strong>du 18 au 22 F\u00e9vrier 2019 au Centre Culturel Saint Simon, Toulouse (31)<\/strong><\/li>\n\n\n\n<li>Restitution publique du nouveau r\u00e9pertoire le <strong>vendredi 22 F\u00e9vrier 2019<\/strong> \u00e0 18h30 au <strong>Centre Culturel Saint Simon.<\/strong><\/li>\n\n\n\n<li>Le jeudi <strong>28 F\u00e9vrier 2019 au R\u00e9cantou<\/strong>, 19h00,<strong> Toulouse<\/strong>. Gratuit.<\/li>\n\n\n\n<li>Le dimanche <strong>3 Mars 2019 au Cactus<\/strong>, 19h00,<strong> Toulouse<\/strong> (31). Gratuit.<\/li>\n\n\n\n<li>Le samedi <strong>16 Mars au Cercle de Pr\u00e9chac<\/strong> (33730), 20h00. Gratuit<\/li>\n\n\n\n<li>Le <strong>20 Avril au Casino d&rsquo;Ax les thermes<\/strong> en 1ere partie de \u00ab\u00a0<strong>United voice<\/strong>\u00ab\u00a0, 19h30.<\/li>\n\n\n\n<li>Le <strong>26 Avril <\/strong>au <strong>Baz&rsquo;art<\/strong> \u00e0<strong> Libourne<\/strong> (33126 Fronsac) \u00e0 19h30.<\/li>\n\n\n\n<li>Le<strong> 27 Avril au cercle de Bazas<\/strong> (33), 19h30.<\/li>\n\n\n\n<li>Le<strong> 30 Avril \u00ab\u00a0Les terrasses du Picarrou\u00a0\u00bb<\/strong>, Cintegabelle 31, 19h30.<\/li>\n\n\n\n<li>Le <strong>4 Mai \u00ab\u00a0Aux Canons\u00a0\u00bb<\/strong>,<strong> Ax les thermes<\/strong> (09), 19h30. Gratuit<\/li>\n\n\n\n<li><strong>R\u00e9sidence de cr\u00e9ation en trio<\/strong> (percussions et basse) <strong>du 6 au 10 Mai 2019 au Caf\u00e9 Plum, Lautrec <\/strong>(81).<\/li>\n\n\n\n<li><strong>Restitution concert<\/strong> le <strong>vendredi 10 Mai au Caf\u00e9 Plum, Lautrec <\/strong>(81)<strong><em>&nbsp;<\/em><\/strong><\/li>\n\n\n\n<li>Le <strong>15 Mai<\/strong> au <strong>Chapeau rouge\/Espace Saint Cyprien, Toulouse <\/strong>(31)<\/li>\n\n\n\n<li>Le <strong>17 Mai \u00e0 L&rsquo;Antidote<\/strong> (31120 Pinsaguel). 20h30. Participation libre.<\/li>\n\n\n\n<li>Le<strong> 25 Mai<\/strong> en <strong>\u00e9mission live \u00e0 Axis Musique<\/strong>, Toulouse.<\/li>\n\n\n\n<li>Le <strong>31 Mai \u00e0 Lectoure<\/strong> (32700) \u00e0 l&rsquo;<strong>espace Font\u00e9lie.<\/strong><\/li>\n\n\n\n<li>Le <strong>1er Juin<\/strong> au caf\u00e9 <strong>La Penac \u00e0 Marciac<\/strong> (32230).<\/li>\n\n\n\n<li>Le <strong>2 Juin <\/strong>au <strong>joyeux march\u00e9<\/strong> \u00e0 <strong>Pr\u00e9chac<\/strong>, de 10h \u00e0 13h (33)<\/li>\n\n\n\n<li>Le <strong>8 Juin <\/strong>chez l&rsquo;habitant \u00e0 <strong>Libourne<\/strong> (33)<\/li>\n\n\n\n<li>Le <strong>16 Juin au Cercle dou pe\u00efs, Pomp\u00e9jac (<\/strong>33), avec la version \u00ab\u00a0Orcival plays swing\u00a0\u00bb. Repas+concert. 12h30.<\/li>\n\n\n\n<li>Le <strong>21 Juin \u00ab\u00a0Au Canon\u00a0\u00bb, Ax les thermes<\/strong> (09) pour la f\u00eate de la musique! 19h00. Gratuit.<\/li>\n\n\n\n<li>Le <strong>2 Juillet festival \u00ab\u00a0Pause guitare\u00a0\u00bb, \u00ab\u00a0De bar en bars\u00a0\u00bb, en TRIO<\/strong>! Le Ponti\u00e9 Albi (81) 22h.<\/li>\n\n\n\n<li>Le <strong>7 Juillet au Cactus<\/strong>, Toulouse, 19h00.Gratuit<\/li>\n\n\n\n<li>Le <strong>12 Juillet \u00e0 Carmaux <\/strong>(81) <strong>en TRIO<\/strong>! 19h00. Gratuit.<\/li>\n\n\n\n<li>Le <strong>14 Juillet \u00e0 la guinguette de Lestac<\/strong> (33) 18h00.<\/li>\n\n\n\n<li>Le <strong>16 Juillet <\/strong>\u00e0 la <strong>Guinguette d&rsquo;Ol\u00e9ron<\/strong>, \u00eele d&rsquo;Ol\u00e9ron, 19h00.<\/li>\n\n\n\n<li>Le <strong>17 Juillet au Beach bar<\/strong>, 17580 Le Bois-Plage-en-R\u00e9, 19h00. \u00cele de R\u00e9.<\/li>\n\n\n\n<li>Le <strong>27 Juillet<\/strong> \u00e0 la <strong>Guinguette d&rsquo;Ol\u00e9ron<\/strong>, \u00eele d&rsquo;Ol\u00e9ron, 19h00.<\/li>\n\n\n\n<li>Le <strong>28 Juillet<\/strong> au festival <strong>\u00ab\u00a0Cin\u00e9magin&rsquo;action<\/strong>\u00ab\u00a0\u00e0 <strong>Solf\u00e9rino<\/strong> (Landes 40), en <strong>TRIO<\/strong>!<\/li>\n\n\n\n<li>Le <strong>1er Ao\u00fbt \u00e0 Gaillac<\/strong> (81) en <strong>TRIO<\/strong>! 20h30. Gratuit.<\/li>\n\n\n\n<li>Le <strong>3 Ao\u00fbt au \u00ab\u00a0Poulpe du lac\u00a0\u00bb, Sainte croix Volvestre<\/strong> (09), 19h00.<\/li>\n\n\n\n<li>Le <strong>7 Ao\u00fbt au festival \u00ab\u00a0L&rsquo;\u00e9t\u00e9 de Vaours\u00a0\u00bb<\/strong> (81), 18h30, place de l&rsquo;\u00e9glise, gratuit.<\/li>\n\n\n\n<li>Le <strong>10 Ao\u00fbt \u00e0 la Guinguette d&rsquo;Ol\u00e9ron<\/strong>, \u00eele d&rsquo;Ol\u00e9ron, 19h00.<\/li>\n\n\n\n<li>Le <strong>21 Ao\u00fbt \u00e0 la guinguette le L\u00e9zard<\/strong>, 19h30, \u00eele d&rsquo;ol\u00e9ron (17)<\/li>\n\n\n\n<li>Le<strong> 24 Ao\u00fbt \u00e0 La guinguette \u00ab\u00a0Les clapotis\u00a0\u00bb<\/strong> (17800 Rouffiac). 19h00.<\/li>\n\n\n\n<li>Le <strong>6 Septembre<\/strong> \u00e0 la <strong>ferme de Cantis, Couthure\/garonne<\/strong> (47), 19h30.<\/li>\n<\/ul>\n\n\n\n<h3 class=\"wp-block-heading\"><em>2018<\/em><\/h3>\n\n\n\n<ul class=\"wp-block-list\">\n<li>Le 7 Juillet au \u00ab PasSage \u00bb \u00e0 Lacanau oc\u00e9an (33)&nbsp;<\/li>\n\n\n\n<li>Le 11 Juillet au \u00ab Dardjelling \u00bb \u00e0 Lacanau oc\u00e9an (33)&nbsp;<\/li>\n\n\n\n<li>Le 15 Juillet sur le front de mer Lacanau Oc\u00e9an \u00e0 partir de 20h30.&nbsp;<\/li>\n\n\n\n<li>Le 29 Juillet \u00e0 la \u00ab Guinguette du phare \u00bb (33550 Lestiac-sur-Garonne) \u00e0 partir de 17h00.&nbsp;<\/li>\n\n\n\n<li>Le 2 Ao\u00fbt \u00e0 la Reynerie, Toulouse dans la programmation \u00ab Un \u00e9t\u00e9 au bord du lac \u00bb 18h30.&nbsp;<\/li>\n\n\n\n<li>Le 10 Ao\u00fbt au Festivao\u00fbt \u00e0 Lautrec (81), 19h30.&nbsp;<\/li>\n\n\n\n<li>Le samedi 11 Ao\u00fbt \u00e0 \u00ab Cartes sur table \u00bb, Gaillac (81) \u00e0 19h30.&nbsp;<\/li>\n\n\n\n<li>Le dimanche 12 Ao\u00fbt \u00e0 Mazamet \u00e0 18h00 \u00ab Folk au kiosque \u00bb au jardin des promenades. -Le 16 Ao\u00fbt au \u00ab Dardjelling \u00bb \u00e0 Lacanau Oc\u00e9an.&nbsp;<\/li>\n\n\n\n<li>Le 19 ao\u00fbt sur le front de mer de Lacanau oc\u00e9an \u00e0 partir de 20h30. <\/li>\n\n\n\n<li>Du 20 au 25 Ao\u00fbt sur l\u2019\u00eele de R\u00e9: port de la flotte et port de Saint martin.&nbsp;<\/li>\n\n\n\n<li>Le jeudi 13 Septembre pour l\u2019after work organis\u00e9 par Pollux \u00e0 Albi, 18h30.<\/li>\n\n\n\n<li>Le 15 Septembre our le \u00ab Playing for change \u00bb! \u00e0 Albi.&nbsp;<\/li>\n\n\n\n<li>Le 22 Septembre au Baryton (33), Lanton au bassin d\u2019Arcachon<\/li>\n\n\n\n<li>Le 26 Mai au Foxy, Toulouse (31)<\/li>\n\n\n\n<li>Le 6 Juin \u00e0 Pau (64)<\/li>\n\n\n\n<li>Le 9 Juin \u00e0 l\u2019Escale, Monein (64)<\/li>\n\n\n\n<li>Le 21 Juin \u00e0 Saint Symphorien (33)<\/li>\n\n\n\n<li>Le 24 Juin pour \u00ab La lune derri\u00e8re la grange \u00bb, Castres (81)<\/li>\n\n\n\n<li>Le 5 Juillet sur le off de \u00ab Pause guitare \u00bb, Albi (81)<\/li>\n\n\n\n<li>Le 7 Juillet au festival d\u2019\u00e9t\u00e9 du centre culturel des Carmes, Langon (33)<\/li>\n\n\n\n<li>Le 16 Juillet \u00e0 La maison de la terre, Poucharramet (31)<\/li>\n\n\n\n<li>Le 14 Juillet \u00e0 La Guinguette de Barbazan (31510) \u00e0 19h00.<\/li>\n\n\n\n<li>Le 15 Juillet \u00e0 La Pistoufleurie (31)<\/li>\n\n\n\n<li>Le 18 Juillet dans la programmation de \u00ab Place aux artistes \u00bb, Albi (81)<\/li>\n\n\n\n<li>Du 20 Juillet au 30 Juillet, tourn\u00e9e sur l\u2019\u00eele de R\u00e9.<\/li>\n\n\n\n<li>Le 22 Juillet au \u00ab Bordin zinc \u00bb, la Couarde sur mer\/ \u00eele de R\u00e9 (17)<\/li>\n\n\n\n<li>Le 28 Juillet au caf\u00e9 \u00ab Les mouettes \u00bb, la Couarde sur mer\/ \u00eele de R\u00e9 (17)<\/li>\n\n\n\n<li>Le 2 Ao\u00fbt au \u00ab Django bar \u00bb, Parentis en Born (33)<\/li>\n\n\n\n<li>Le 4 Ao\u00fbt au march\u00e9 de Bugarach (11)<\/li>\n\n\n\n<li>Le 5 Ao\u00fbt au \u00ab Petit causse \u00bb \u00e0 Cesseras (34)<\/li>\n\n\n\n<li>Le 6 Ao\u00fbt \u00e0 \u00ab La Claranda \u00bb \u00e0 Serres (11) avec Adrien Villeneuve (Boha) en invit\u00e9.<\/li>\n\n\n\n<li>Le 14 Ao\u00fbt au \u00ab Lundi des cr\u00e9ateurs \u00bb \u00e0 Millau de (12) 17h \u00e0 19h.<\/li>\n\n\n\n<li>Le 18 Ao\u00fbt \u00e0 \u00ab Colo&amp;co \u00bb, castelnau de montmiral (81)<\/li>\n\n\n\n<li>Le 8 Septembre au festival \u00ab Simone fait p\u00e9ter les watts \u00bb, La r\u00e9ole (33)<\/li>\n\n\n\n<li>Le 9 Septembre au centre culturel Alban Minville, pour les 10 ans! (31)<\/li>\n\n\n\n<li>Le 23 Septembre au festival M\u00e9diterran\u00e9o (31)<\/li>\n\n\n\n<li>Le 17 Novembre au \u00ab Bijou \u00bb(Toulouse) pour \u00ab Osons \u00bb<\/li>\n\n\n\n<li>Le 17 Mars au Cercle de Rions (33)<\/li>\n\n\n\n<li>le 24 Mars aux Docks \u00e0 Cahors (46) en 1ere partie de Catherine Ringer!<\/li>\n\n\n\n<li>Le 5 Avril au Tchin Bar, Toulouse (31)<\/li>\n\n\n\n<li>Le 6 Avril \u00e0 La Cambuse \u00e0 Portet sur Garonne (31)<\/li>\n\n\n\n<li>Le 7 Avril au cercle de Garein (33)<\/li>\n\n\n\n<li>Le dimanche 20 Mai aux portes ouvertes du producteur Yohan Musseau \u00e0 Bazas (33)<\/li>\n\n\n\n<li>Le 24 Mai \u00e0 l\u2019usine \u00e0 musique \u00e0 Toulouse avec le groupe Fer\u00e0mia! (31)<\/li>\n\n\n\n<li>Le 9 D\u00e9cembre au \u00ab Central Park \u00bb Albi (81) pour le tremplin composition<\/li>\n\n\n\n<li>Le 19 Mai au Central Park (Albi) \u00e0 22h avec Wild Noblesse.<\/li>\n\n\n\n<li>Le 17 Juin \u00e0 La Pistoufleurie (31420 Cassagnab\u00e8re Tournas)<\/li>\n\n\n\n<li>Le 24 juin chez l\u2019habitant (Septfonds 82)<\/li>\n\n\n\n<li>Le 25 Juin mariage\/vin d\u2019honneur (81)<\/li>\n\n\n\n<li>Le 2 Juillet \u00e0 ACME au Vernet d\u2019Ari\u00e8ge (09)<\/li>\n\n\n\n<li>Le 3 Juillet au Souleilla, Clermont (09420)<\/li>\n\n\n\n<li>le 7 Juillet au Noste Courtiu, Orgibet (09800)<\/li>\n\n\n\n<li>Tourn\u00e9e du 21 juillet au 28 juillet sur l\u2019\u00eele de R\u00e9.&nbsp;<\/li>\n\n\n\n<li>Le 7 Ao\u00fbt \u00e0 La Claranda (11190 Serres)<\/li>\n\n\n\n<li>Le 9 Ao\u00fbt au caf\u00e9 Plum , \u00e0 Lautrec (81)<\/li>\n\n\n\n<li>Du 17 au 19 Ao\u00fbt au festival d\u2019Aurillac.&nbsp;<\/li>\n\n\n\n<li>Les 17 et 18 Ao\u00fbt avec le collectif de la Toulousaine \u00e0 23h (\u00c9cole Tivoli)<\/li>\n\n\n\n<li>Tourn\u00e9e 24 Ao\u00fbt au 2 Septembre.<\/li>\n\n\n\n<li>Le 12 D\u00e9cembre \u00e0 \u00ab La Laiterie \u00bb(81) pour la soir\u00e9e solo du Frigo avec Vio &amp; Kanasel,<\/li>\n\n\n\n<li>Le 18 D\u00e9cembre \u00e0 \u00ab La brasserie des vignes \u00bb \u00e0 graulhet (81) avec le cirque La Cabriole.<\/li>\n\n\n\n<li>Le 19 D\u00e9cembre sur le march\u00e9 des cr\u00e9ateurs de Saint Aubin (Toulouse)&nbsp;<\/li>\n<\/ul>\n\n\n\n<h3 class=\"wp-block-heading\"><em>2017<\/em><\/h3>\n\n\n\n<ul class=\"wp-block-list\">\n<li>Le 14 Janvier au caf\u00e9 associatif \u00ab Chez ta m\u00e8re \u00bb \u00e0 20h00 (Toulouse 31)-le 12 F\u00e9vrier au centre culturel des Pradettes (Toulouse 31)<\/li>\n\n\n\n<li>Le 10 F\u00e9vrier au salon FOMAC 17h00 \u00e0 Albi (81)<\/li>\n\n\n\n<li>Le 10 F\u00e9vrier en 1ere partie de Yilian canizares, hall du grand th\u00e9\u00e2tre Albi, 19h00.<\/li>\n\n\n\n<li>Le 13 F\u00e9vrier au \u00ab Resto L\u00e9on \u00bb \u00e0 Olonzac (11)<\/li>\n\n\n\n<li>Le 16 F\u00e9vrier \u00e0 la MJC \u00ab Les noctambules \u00bb, Albi<\/li>\n\n\n\n<li>Le 18 F\u00e9vrier pour \u00ab le retour du Jeudi \u00bb \u00e0 la fac Champollion (Albi 81)<\/li>\n\n\n\n<li>Le 17 Mars au centre culturel Saint Simon; restitution de r\u00e9sidence.(31)<\/li>\n\n\n\n<li>Le 18 Mars au \u00ab Point bar \u00bb (Castres 81)<\/li>\n\n\n\n<li>Le 19 Mars \u00e0 l\u2019Achil\u2019caf\u00e9 \u00e0 Foix (09)<\/li>\n\n\n\n<li>le 20 Mars au \u00ab Cactus \u00bb (Toulouse)<\/li>\n\n\n\n<li>Le 6 Avril au centre culturel \u00ab Alban Minville. \u00bb(Toulouse)<\/li>\n\n\n\n<li>Le 28 Septembre au Bijou \u00e0 Toulouse, pour la sortie du nouvel album!<\/li>\n\n\n\n<li>Du 14 au 16 \u00e0 Bayonne (64)<\/li>\n\n\n\n<li>Le 29 Octobre au \u00ab Petit causse \u00bb (34210 Cesseras)<\/li>\n\n\n\n<li>Le samedi 5 Novembre date en cours (33)<\/li>\n\n\n\n<li>Le dimanche 6 Novembre au Joyeux march\u00e9! \u00e0 Pr\u00e9chac (33730)<\/li>\n\n\n\n<li>Le 10 Novembre en direct sur Radio Albiges.<\/li>\n\n\n\n<li>Le 27 Novembre en direct sur Radio Campus, \u00e9mission \u00ab Sur le fil \u00bb 17h\/18h<\/li>\n\n\n\n<li>Le 5 Janvier au P\u00e8re peinard \u00e0 Toulouse avec fera mia (electro\/occitan\/jazz)<\/li>\n\n\n\n<li>Le 4 F\u00e9vrier au cercle de Saint Symphorien (33) avec Adrien Villeneuve (cornemuse des landes de Gascogne) en invit\u00e9.<\/li>\n\n\n\n<li>Le 3 Mars pour l\u2019association \u00ab Le Passage \u00bb,festival \u00ab Simone p\u00e8te les watts! \u00bb \u00e0 La R\u00e9ole (33)<\/li>\n\n\n\n<li>Le jeudi 16 Mars au Taquin \u00e0 Toulouse (31)<\/li>\n\n\n\n<li>Le 17 Mars au \u00ab Merle moqueur \u00bb Auch (32)-Le 11 Avril aux ap\u00e9ros du grand rond , Toulouse (31)<\/li>\n\n\n\n<li>Le 12 Avril aux ap\u00e9ros du grand rond , Toulouse (31)<\/li>\n\n\n\n<li>Le 13 Avril aux ap\u00e9ros du grand rond , Toulouse (31)<\/li>\n\n\n\n<li>Le 14 Avril aux ap\u00e9ros du grand rond , Toulouse (31)<\/li>\n\n\n\n<li>Le 15 Avril aux ap\u00e9ros du grand rond , Toulouse (31)<\/li>\n\n\n\n<li>Le 21 Avril au Perry , Toulouse (31)<\/li>\n\n\n\n<li>Le 22 Avril \u00e0 L\u2019O\u00eflo, La Tour de Faure (46)<\/li>\n\n\n\n<li>Le 7 Mai \u00e0 Bazas (33)<\/li>\n\n\n\n<li>Le 25 Novembre au foyer rural de Saint Paul de Loubressac (46)<\/li>\n\n\n\n<li>Le 17 D\u00e9cembre \u00e0 Aussillon (81) en duo avec Eug\u00e9nie Ursch (Violoncelle)<\/li>\n<\/ul>\n<\/details>\n\n\n\n<div style=\"height:100px\" aria-hidden=\"true\" class=\"wp-block-spacer\"><\/div>\n","protected":false},"excerpt":{"rendered":"<p>Les prochaines dates 2025: &#8211; Le 14 Mars \u00e0 La Grande Famille (31) en duo, Start 21h &#8211; Le 5 Avril \u00e0 l&rsquo;Entrepote, Gratentour (31) en solo, Start 12h00 &#8211; Le 30 Avril au SoueichKf\u00e9 (31) en solo, Start 20h30 &#8211; Le 3 Mai \u00e0 la Pistoufleurie, Cassagnab\u00e8re tournas (31), [&hellip;]<\/p>\n","protected":false},"author":1,"featured_media":441,"parent":0,"menu_order":0,"comment_status":"closed","ping_status":"closed","template":"","meta":{"footnotes":""},"class_list":["post-168","page","type-page","status-publish","has-post-thumbnail","hentry"],"yoast_head":"<!-- This site is optimized with the Yoast SEO plugin v24.6 - https:\/\/yoast.com\/wordpress\/plugins\/seo\/ -->\n<title>TOUR - ORCIVAL<\/title>\n<meta name=\"robots\" content=\"index, follow, max-snippet:-1, max-image-preview:large, max-video-preview:-1\" \/>\n<link rel=\"canonical\" href=\"https:\/\/orcivalmusic.com\/index.php\/tour\/\" \/>\n<meta property=\"og:locale\" content=\"fr_FR\" \/>\n<meta property=\"og:type\" content=\"article\" \/>\n<meta property=\"og:title\" content=\"TOUR - ORCIVAL\" \/>\n<meta property=\"og:description\" content=\"Les prochaines dates 2025: &#8211; Le 14 Mars \u00e0 La Grande Famille (31) en duo, Start 21h &#8211; Le 5 Avril \u00e0 l&rsquo;Entrepote, Gratentour (31) en solo, Start 12h00 &#8211; Le 30 Avril au SoueichKf\u00e9 (31) en solo, Start 20h30 &#8211; Le 3 Mai \u00e0 la Pistoufleurie, Cassagnab\u00e8re tournas (31), [&hellip;]\" \/>\n<meta property=\"og:url\" content=\"https:\/\/orcivalmusic.com\/index.php\/tour\/\" \/>\n<meta property=\"og:site_name\" content=\"ORCIVAL\" \/>\n<meta property=\"article:publisher\" content=\"https:\/\/www.facebook.com\/orcivalmusic\/\" \/>\n<meta property=\"article:modified_time\" content=\"2025-03-04T16:09:22+00:00\" \/>\n<meta property=\"og:image\" content=\"https:\/\/orcivalmusic.com\/wp-content\/uploads\/2021\/04\/cuivres.jpg\" \/>\n\t<meta property=\"og:image:width\" content=\"2016\" \/>\n\t<meta property=\"og:image:height\" content=\"1512\" \/>\n\t<meta property=\"og:image:type\" content=\"image\/jpeg\" \/>\n<meta name=\"twitter:card\" content=\"summary_large_image\" \/>\n<meta name=\"twitter:label1\" content=\"Dur\u00e9e de lecture estim\u00e9e\" \/>\n\t<meta name=\"twitter:data1\" content=\"12 minutes\" \/>\n<script type=\"application\/ld+json\" class=\"yoast-schema-graph\">{\"@context\":\"https:\/\/schema.org\",\"@graph\":[{\"@type\":\"WebPage\",\"@id\":\"https:\/\/orcivalmusic.com\/index.php\/tour\/\",\"url\":\"https:\/\/orcivalmusic.com\/index.php\/tour\/\",\"name\":\"TOUR - ORCIVAL\",\"isPartOf\":{\"@id\":\"https:\/\/orcivalmusic.com\/#website\"},\"primaryImageOfPage\":{\"@id\":\"https:\/\/orcivalmusic.com\/index.php\/tour\/#primaryimage\"},\"image\":{\"@id\":\"https:\/\/orcivalmusic.com\/index.php\/tour\/#primaryimage\"},\"thumbnailUrl\":\"https:\/\/orcivalmusic.com\/wp-content\/uploads\/2021\/04\/cuivres.jpg\",\"datePublished\":\"2018-12-11T15:45:59+00:00\",\"dateModified\":\"2025-03-04T16:09:22+00:00\",\"breadcrumb\":{\"@id\":\"https:\/\/orcivalmusic.com\/index.php\/tour\/#breadcrumb\"},\"inLanguage\":\"fr-FR\",\"potentialAction\":[{\"@type\":\"ReadAction\",\"target\":[\"https:\/\/orcivalmusic.com\/index.php\/tour\/\"]}]},{\"@type\":\"ImageObject\",\"inLanguage\":\"fr-FR\",\"@id\":\"https:\/\/orcivalmusic.com\/index.php\/tour\/#primaryimage\",\"url\":\"https:\/\/orcivalmusic.com\/wp-content\/uploads\/2021\/04\/cuivres.jpg\",\"contentUrl\":\"https:\/\/orcivalmusic.com\/wp-content\/uploads\/2021\/04\/cuivres.jpg\",\"width\":2016,\"height\":1512},{\"@type\":\"BreadcrumbList\",\"@id\":\"https:\/\/orcivalmusic.com\/index.php\/tour\/#breadcrumb\",\"itemListElement\":[{\"@type\":\"ListItem\",\"position\":1,\"name\":\"Accueil\",\"item\":\"https:\/\/orcivalmusic.com\/\"},{\"@type\":\"ListItem\",\"position\":2,\"name\":\"TOUR\"}]},{\"@type\":\"WebSite\",\"@id\":\"https:\/\/orcivalmusic.com\/#website\",\"url\":\"https:\/\/orcivalmusic.com\/\",\"name\":\"ORCIVAL\",\"description\":\"Folk world des grands espaces\",\"publisher\":{\"@id\":\"https:\/\/orcivalmusic.com\/#\/schema\/person\/105532748ff7caabc5e4ad4d0df1ae7d\"},\"potentialAction\":[{\"@type\":\"SearchAction\",\"target\":{\"@type\":\"EntryPoint\",\"urlTemplate\":\"https:\/\/orcivalmusic.com\/?s={search_term_string}\"},\"query-input\":{\"@type\":\"PropertyValueSpecification\",\"valueRequired\":true,\"valueName\":\"search_term_string\"}}],\"inLanguage\":\"fr-FR\"},{\"@type\":[\"Person\",\"Organization\"],\"@id\":\"https:\/\/orcivalmusic.com\/#\/schema\/person\/105532748ff7caabc5e4ad4d0df1ae7d\",\"name\":\"julien\",\"image\":{\"@type\":\"ImageObject\",\"inLanguage\":\"fr-FR\",\"@id\":\"https:\/\/orcivalmusic.com\/#\/schema\/person\/image\/\",\"url\":\"https:\/\/orcivalmusic.com\/wp-content\/uploads\/2024\/02\/Tampon-transparent.png\",\"contentUrl\":\"https:\/\/orcivalmusic.com\/wp-content\/uploads\/2024\/02\/Tampon-transparent.png\",\"width\":5788,\"height\":1536,\"caption\":\"julien\"},\"logo\":{\"@id\":\"https:\/\/orcivalmusic.com\/#\/schema\/person\/image\/\"},\"sameAs\":[\"https:\/\/orcivalmusic.com\/\",\"https:\/\/www.facebook.com\/orcivalmusic\/\",\"https:\/\/www.instagram.com\/orcival_music\/\",\"https:\/\/www.youtube.com\/@orcival4550\"]}]}<\/script>\n<!-- \/ Yoast SEO plugin. -->","yoast_head_json":{"title":"TOUR - ORCIVAL","robots":{"index":"index","follow":"follow","max-snippet":"max-snippet:-1","max-image-preview":"max-image-preview:large","max-video-preview":"max-video-preview:-1"},"canonical":"https:\/\/orcivalmusic.com\/index.php\/tour\/","og_locale":"fr_FR","og_type":"article","og_title":"TOUR - ORCIVAL","og_description":"Les prochaines dates 2025: &#8211; Le 14 Mars \u00e0 La Grande Famille (31) en duo, Start 21h &#8211; Le 5 Avril \u00e0 l&rsquo;Entrepote, Gratentour (31) en solo, Start 12h00 &#8211; Le 30 Avril au SoueichKf\u00e9 (31) en solo, Start 20h30 &#8211; Le 3 Mai \u00e0 la Pistoufleurie, Cassagnab\u00e8re tournas (31), [&hellip;]","og_url":"https:\/\/orcivalmusic.com\/index.php\/tour\/","og_site_name":"ORCIVAL","article_publisher":"https:\/\/www.facebook.com\/orcivalmusic\/","article_modified_time":"2025-03-04T16:09:22+00:00","og_image":[{"width":2016,"height":1512,"url":"https:\/\/orcivalmusic.com\/wp-content\/uploads\/2021\/04\/cuivres.jpg","type":"image\/jpeg"}],"twitter_card":"summary_large_image","twitter_misc":{"Dur\u00e9e de lecture estim\u00e9e":"12 minutes"},"schema":{"@context":"https:\/\/schema.org","@graph":[{"@type":"WebPage","@id":"https:\/\/orcivalmusic.com\/index.php\/tour\/","url":"https:\/\/orcivalmusic.com\/index.php\/tour\/","name":"TOUR - ORCIVAL","isPartOf":{"@id":"https:\/\/orcivalmusic.com\/#website"},"primaryImageOfPage":{"@id":"https:\/\/orcivalmusic.com\/index.php\/tour\/#primaryimage"},"image":{"@id":"https:\/\/orcivalmusic.com\/index.php\/tour\/#primaryimage"},"thumbnailUrl":"https:\/\/orcivalmusic.com\/wp-content\/uploads\/2021\/04\/cuivres.jpg","datePublished":"2018-12-11T15:45:59+00:00","dateModified":"2025-03-04T16:09:22+00:00","breadcrumb":{"@id":"https:\/\/orcivalmusic.com\/index.php\/tour\/#breadcrumb"},"inLanguage":"fr-FR","potentialAction":[{"@type":"ReadAction","target":["https:\/\/orcivalmusic.com\/index.php\/tour\/"]}]},{"@type":"ImageObject","inLanguage":"fr-FR","@id":"https:\/\/orcivalmusic.com\/index.php\/tour\/#primaryimage","url":"https:\/\/orcivalmusic.com\/wp-content\/uploads\/2021\/04\/cuivres.jpg","contentUrl":"https:\/\/orcivalmusic.com\/wp-content\/uploads\/2021\/04\/cuivres.jpg","width":2016,"height":1512},{"@type":"BreadcrumbList","@id":"https:\/\/orcivalmusic.com\/index.php\/tour\/#breadcrumb","itemListElement":[{"@type":"ListItem","position":1,"name":"Accueil","item":"https:\/\/orcivalmusic.com\/"},{"@type":"ListItem","position":2,"name":"TOUR"}]},{"@type":"WebSite","@id":"https:\/\/orcivalmusic.com\/#website","url":"https:\/\/orcivalmusic.com\/","name":"ORCIVAL","description":"Folk world des grands espaces","publisher":{"@id":"https:\/\/orcivalmusic.com\/#\/schema\/person\/105532748ff7caabc5e4ad4d0df1ae7d"},"potentialAction":[{"@type":"SearchAction","target":{"@type":"EntryPoint","urlTemplate":"https:\/\/orcivalmusic.com\/?s={search_term_string}"},"query-input":{"@type":"PropertyValueSpecification","valueRequired":true,"valueName":"search_term_string"}}],"inLanguage":"fr-FR"},{"@type":["Person","Organization"],"@id":"https:\/\/orcivalmusic.com\/#\/schema\/person\/105532748ff7caabc5e4ad4d0df1ae7d","name":"julien","image":{"@type":"ImageObject","inLanguage":"fr-FR","@id":"https:\/\/orcivalmusic.com\/#\/schema\/person\/image\/","url":"https:\/\/orcivalmusic.com\/wp-content\/uploads\/2024\/02\/Tampon-transparent.png","contentUrl":"https:\/\/orcivalmusic.com\/wp-content\/uploads\/2024\/02\/Tampon-transparent.png","width":5788,"height":1536,"caption":"julien"},"logo":{"@id":"https:\/\/orcivalmusic.com\/#\/schema\/person\/image\/"},"sameAs":["https:\/\/orcivalmusic.com\/","https:\/\/www.facebook.com\/orcivalmusic\/","https:\/\/www.instagram.com\/orcival_music\/","https:\/\/www.youtube.com\/@orcival4550"]}]}},"_links":{"self":[{"href":"https:\/\/orcivalmusic.com\/index.php\/wp-json\/wp\/v2\/pages\/168","targetHints":{"allow":["GET"]}}],"collection":[{"href":"https:\/\/orcivalmusic.com\/index.php\/wp-json\/wp\/v2\/pages"}],"about":[{"href":"https:\/\/orcivalmusic.com\/index.php\/wp-json\/wp\/v2\/types\/page"}],"author":[{"embeddable":true,"href":"https:\/\/orcivalmusic.com\/index.php\/wp-json\/wp\/v2\/users\/1"}],"replies":[{"embeddable":true,"href":"https:\/\/orcivalmusic.com\/index.php\/wp-json\/wp\/v2\/comments?post=168"}],"version-history":[{"count":83,"href":"https:\/\/orcivalmusic.com\/index.php\/wp-json\/wp\/v2\/pages\/168\/revisions"}],"predecessor-version":[{"id":1108,"href":"https:\/\/orcivalmusic.com\/index.php\/wp-json\/wp\/v2\/pages\/168\/revisions\/1108"}],"wp:featuredmedia":[{"embeddable":true,"href":"https:\/\/orcivalmusic.com\/index.php\/wp-json\/wp\/v2\/media\/441"}],"wp:attachment":[{"href":"https:\/\/orcivalmusic.com\/index.php\/wp-json\/wp\/v2\/media?parent=168"}],"curies":[{"name":"wp","href":"https:\/\/api.w.org\/{rel}","templated":true}]}}