{"id":165,"date":"2018-12-11T16:45:59","date_gmt":"2018-12-11T15:45:59","guid":{"rendered":"http:\/\/orcivalmusic.com\/?page_id=165"},"modified":"2025-03-04T16:36:53","modified_gmt":"2025-03-04T15:36:53","slug":"actus","status":"publish","type":"page","link":"https:\/\/orcivalmusic.com\/index.php\/actus\/","title":{"rendered":"ACTUALITE"},"content":{"rendered":"\n<div class=\"wp-block-columns is-layout-flex wp-container-core-columns-is-layout-28f84493 wp-block-columns-is-layout-flex\">\n<div class=\"wp-block-column is-layout-flow wp-block-column-is-layout-flow\"><div class=\"wp-block-image\">\n<figure class=\"aligncenter size-large is-resized\"><a href=\"https:\/\/orcivalmusic.com\/wp-content\/uploads\/2025\/03\/pochette-recto-seul-scaled.jpg\"><img loading=\"lazy\" decoding=\"async\" width=\"1024\" height=\"1024\" src=\"https:\/\/orcivalmusic.com\/wp-content\/uploads\/2025\/03\/pochette-recto-seul-1024x1024.jpg\" alt=\"\" class=\"wp-image-1098\" style=\"width:262px;height:auto\" srcset=\"https:\/\/orcivalmusic.com\/wp-content\/uploads\/2025\/03\/pochette-recto-seul-1024x1024.jpg 1024w, https:\/\/orcivalmusic.com\/wp-content\/uploads\/2025\/03\/pochette-recto-seul-300x300.jpg 300w, https:\/\/orcivalmusic.com\/wp-content\/uploads\/2025\/03\/pochette-recto-seul-150x150.jpg 150w, https:\/\/orcivalmusic.com\/wp-content\/uploads\/2025\/03\/pochette-recto-seul-768x768.jpg 768w, https:\/\/orcivalmusic.com\/wp-content\/uploads\/2025\/03\/pochette-recto-seul-1536x1536.jpg 1536w, https:\/\/orcivalmusic.com\/wp-content\/uploads\/2025\/03\/pochette-recto-seul-2048x2048.jpg 2048w\" sizes=\"auto, (max-width: 1024px) 100vw, 1024px\" \/><\/a><\/figure>\n<\/div>\n\n\n<p>Un <strong>nouveau r\u00e9pertoire<\/strong> est en cours de finalisation! R\u00e9pertoire en Fran\u00e7ais apr\u00e8s 2 \u00e9tape successives sur <strong>Astafford <\/strong>avec <strong>Voix du Sud<\/strong>. C&rsquo;est un <strong>nouveau duo<\/strong> guitares \/chant et violoncelle qui voit le jour! En Fran\u00e7ais, anglais et musique instrumentale.<\/p>\n\n\n\n<p><strong>Une pr\u00e9production de quelques morceaux du nouveau r\u00e9pertoire sont \u00e0 l&rsquo;\u00e9coute ici! <\/strong><\/p>\n<\/div>\n\n\n\n<div class=\"wp-block-column is-layout-flow wp-block-column-is-layout-flow\"><div class=\"wp-block-image\">\n<figure class=\"aligncenter size-large is-resized\"><a href=\"https:\/\/orcivalmusic.com\/wp-content\/uploads\/2025\/03\/Orcival-duo-marion.jpeg\"><img loading=\"lazy\" decoding=\"async\" width=\"1024\" height=\"1024\" src=\"https:\/\/orcivalmusic.com\/wp-content\/uploads\/2025\/03\/Orcival-duo-marion-1024x1024.jpeg\" alt=\"\" class=\"wp-image-1100\" style=\"width:271px;height:auto\" srcset=\"https:\/\/orcivalmusic.com\/wp-content\/uploads\/2025\/03\/Orcival-duo-marion-1024x1024.jpeg 1024w, https:\/\/orcivalmusic.com\/wp-content\/uploads\/2025\/03\/Orcival-duo-marion-300x300.jpeg 300w, https:\/\/orcivalmusic.com\/wp-content\/uploads\/2025\/03\/Orcival-duo-marion-150x150.jpeg 150w, https:\/\/orcivalmusic.com\/wp-content\/uploads\/2025\/03\/Orcival-duo-marion-768x768.jpeg 768w, https:\/\/orcivalmusic.com\/wp-content\/uploads\/2025\/03\/Orcival-duo-marion.jpeg 1080w\" sizes=\"auto, (max-width: 1024px) 100vw, 1024px\" \/><\/a><\/figure>\n<\/div>\n\n\n<p>Des vid\u00e9os du duo violoncelle avec tourn\u00e9es ce mois ci seront bient\u00f4t visibles d\u00e9but 2025!<\/p>\n<\/div>\n\n\n\n<div class=\"wp-block-column is-layout-flow wp-block-column-is-layout-flow\"><div class=\"wp-block-image\">\n<figure class=\"aligncenter size-large is-resized\"><a href=\"https:\/\/orcivalmusic.com\/wp-content\/uploads\/2021\/02\/ORCIVAL_Visuel-CD.jpg\"><img loading=\"lazy\" decoding=\"async\" width=\"1024\" height=\"914\" src=\"https:\/\/orcivalmusic.com\/wp-content\/uploads\/2021\/02\/ORCIVAL_Visuel-CD-1024x914.jpg\" alt=\"\" class=\"wp-image-383\" style=\"width:187px;height:auto\" srcset=\"https:\/\/orcivalmusic.com\/wp-content\/uploads\/2021\/02\/ORCIVAL_Visuel-CD-1024x914.jpg 1024w, https:\/\/orcivalmusic.com\/wp-content\/uploads\/2021\/02\/ORCIVAL_Visuel-CD-300x268.jpg 300w, https:\/\/orcivalmusic.com\/wp-content\/uploads\/2021\/02\/ORCIVAL_Visuel-CD-768x685.jpg 768w, https:\/\/orcivalmusic.com\/wp-content\/uploads\/2021\/02\/ORCIVAL_Visuel-CD.jpg 1654w\" sizes=\"auto, (max-width: 1024px) 100vw, 1024px\" \/><\/a><\/figure>\n<\/div>\n\n\n<p>\u00ab\u00a0<strong>Time is coming\u00a0\u00bb: Sortie physique officielle nationale avec Inou\u00efe distribution <\/strong><\/p>\n\n\n<div class=\"wp-block-image is-resized\">\n<figure class=\"aligncenter\"><img decoding=\"async\" src=\"https:\/\/external-content.duckduckgo.com\/iu\/?u=https%3A%2F%2Ftse1.mm.bing.net%2Fth%3Fid%3DOIP.cNTqY2-LU5F94FYiEX8OLQHaHa%26pid%3DApi%26h%3D160&amp;f=1\" alt=\"Le Groupe NOVOX sort son troisi\u00e8me album : \u00ab Over The ...\"\/><\/figure>\n<\/div><\/div>\n<\/div>\n\n\n\n<p><\/p>\n\n\n\n<p><strong>La folk\/world envo\u00fbtante d\u2019\u00a0\u00bbOrcival\u00a0\u00bb est une invitation vers l&rsquo;ailleurs, \u00e0 la rencontre des peuples du monde et des contr\u00e9es imaginaires. Guitariste chanteur d&rsquo;une infinie sensibilit\u00e9, port\u00e9 par les musiques du monde entier, ORCIVAL est sur sc\u00e8ne une exp\u00e9rience musicale \u00e0 savourer pleinement.<\/strong><\/p>\n\n\n\n<p><strong>Chauss\u00e9 de ses rythmiques aux pieds et harnach\u00e9 de ses diff\u00e9rentes guitares, il vous emm\u00e8ne sur les routes d\u2019une musique du monde relocalis\u00e9e, vous faisant danser sur un air breton des Pyr\u00e9n\u00e9es Ari\u00e9geoises ou une gigue des Highlands de l\u2019Aubrac ou encore distillant son folk Australien des d\u00e9serts des Landes de Gascogne.<\/strong><\/p>\n\n\n\n<p><strong>Pour son 3\u00e8me album \u00ab Time is coming \u00bb, \u00ab Orcival \u00bb explore des paysages fleuris aux sonorit\u00e9s r\u00e9solument folk\/world<\/strong>. <strong>Nous laissant librement naviguer dans un univers singulier et po\u00e9tique, o\u00f9 se croisent et se m\u00ealent l\u2019onirique et l\u2019organique, l\u2019a\u00e9rien et l\u2019enracinement.<\/strong><\/p>\n\n\n\n<p><\/p>\n\n\n\n<p>1er EP en 2016 \u00ab\u00a0<em><strong>Mountain light<\/strong><\/em>\u00a0\u00bb \/ 1er album en 2017 \u00ab\u00a0<em><strong>Like the sun<\/strong><\/em>\u00a0\u00bb \/ 2\u00e8me album <strong><em>Time is coming<\/em> <\/strong>en mai 2021.<\/p>\n\n\n\n<blockquote class=\"wp-block-quote is-layout-flow wp-block-quote-is-layout-flow\">\n<p><strong>\u00ab\u00a0Orcival\u00a0\u00bb is a power blues folk trio who embarks you on a timeless travel. Created by the songwriter Julien Bouttard, Orcival walk between blues and world music, songs and instrumental music.<br>Wooden instruments, inspiration drawn from forests, mountains and travels rub shoulders with electronic rhythmics from the city and bitumen.<br>Nature and urban culture come together to form cosmopolitan music, current and generous.<br><\/strong><br><\/p>\n<\/blockquote>\n\n\n\n<p><br><\/p>\n\n\n<div class=\"wp-block-image is-resized\">\n<figure class=\"aligncenter\"><img loading=\"lazy\" decoding=\"async\" width=\"1024\" height=\"683\" src=\"https:\/\/orcivalmusic.com\/wp-content\/uploads\/2018\/12\/FM401-1-1024x683.jpg\" alt=\"\" class=\"wp-image-254\" srcset=\"https:\/\/orcivalmusic.com\/wp-content\/uploads\/2018\/12\/FM401-1-1024x683.jpg 1024w, https:\/\/orcivalmusic.com\/wp-content\/uploads\/2018\/12\/FM401-1-300x200.jpg 300w, https:\/\/orcivalmusic.com\/wp-content\/uploads\/2018\/12\/FM401-1-768x512.jpg 768w\" sizes=\"auto, (max-width: 1024px) 100vw, 1024px\" \/><\/figure>\n<\/div>","protected":false},"excerpt":{"rendered":"<p>Un nouveau r\u00e9pertoire est en cours de finalisation! R\u00e9pertoire en Fran\u00e7ais apr\u00e8s 2 \u00e9tape successives sur Astafford avec Voix du Sud. C&rsquo;est un nouveau duo guitares \/chant et violoncelle qui voit le jour! En Fran\u00e7ais, anglais et musique instrumentale. Une pr\u00e9production de quelques morceaux du nouveau r\u00e9pertoire sont \u00e0 l&rsquo;\u00e9coute [&hellip;]<\/p>\n","protected":false},"author":1,"featured_media":0,"parent":0,"menu_order":0,"comment_status":"closed","ping_status":"closed","template":"","meta":{"footnotes":""},"class_list":["post-165","page","type-page","status-publish","hentry"],"yoast_head":"<!-- This site is optimized with the Yoast SEO plugin v24.6 - https:\/\/yoast.com\/wordpress\/plugins\/seo\/ -->\n<title>ACTUALITE - ORCIVAL<\/title>\n<meta name=\"robots\" content=\"index, follow, max-snippet:-1, max-image-preview:large, max-video-preview:-1\" \/>\n<link rel=\"canonical\" href=\"https:\/\/orcivalmusic.com\/index.php\/actus\/\" \/>\n<meta property=\"og:locale\" content=\"fr_FR\" \/>\n<meta property=\"og:type\" content=\"article\" \/>\n<meta property=\"og:title\" content=\"ACTUALITE - ORCIVAL\" \/>\n<meta property=\"og:description\" content=\"Un nouveau r\u00e9pertoire est en cours de finalisation! R\u00e9pertoire en Fran\u00e7ais apr\u00e8s 2 \u00e9tape successives sur Astafford avec Voix du Sud. C&rsquo;est un nouveau duo guitares \/chant et violoncelle qui voit le jour! En Fran\u00e7ais, anglais et musique instrumentale. Une pr\u00e9production de quelques morceaux du nouveau r\u00e9pertoire sont \u00e0 l&rsquo;\u00e9coute [&hellip;]\" \/>\n<meta property=\"og:url\" content=\"https:\/\/orcivalmusic.com\/index.php\/actus\/\" \/>\n<meta property=\"og:site_name\" content=\"ORCIVAL\" \/>\n<meta property=\"article:publisher\" content=\"https:\/\/www.facebook.com\/orcivalmusic\/\" \/>\n<meta property=\"article:modified_time\" content=\"2025-03-04T15:36:53+00:00\" \/>\n<meta property=\"og:image\" content=\"http:\/\/orcivalmusic.com\/wp-content\/uploads\/2025\/03\/pochette-recto-seul-1024x1024.jpg\" \/>\n<meta name=\"twitter:card\" content=\"summary_large_image\" \/>\n<meta name=\"twitter:label1\" content=\"Dur\u00e9e de lecture estim\u00e9e\" \/>\n\t<meta name=\"twitter:data1\" content=\"2 minutes\" \/>\n<script type=\"application\/ld+json\" class=\"yoast-schema-graph\">{\"@context\":\"https:\/\/schema.org\",\"@graph\":[{\"@type\":\"WebPage\",\"@id\":\"https:\/\/orcivalmusic.com\/index.php\/actus\/\",\"url\":\"https:\/\/orcivalmusic.com\/index.php\/actus\/\",\"name\":\"ACTUALITE - ORCIVAL\",\"isPartOf\":{\"@id\":\"https:\/\/orcivalmusic.com\/#website\"},\"primaryImageOfPage\":{\"@id\":\"https:\/\/orcivalmusic.com\/index.php\/actus\/#primaryimage\"},\"image\":{\"@id\":\"https:\/\/orcivalmusic.com\/index.php\/actus\/#primaryimage\"},\"thumbnailUrl\":\"http:\/\/orcivalmusic.com\/wp-content\/uploads\/2025\/03\/pochette-recto-seul-1024x1024.jpg\",\"datePublished\":\"2018-12-11T15:45:59+00:00\",\"dateModified\":\"2025-03-04T15:36:53+00:00\",\"breadcrumb\":{\"@id\":\"https:\/\/orcivalmusic.com\/index.php\/actus\/#breadcrumb\"},\"inLanguage\":\"fr-FR\",\"potentialAction\":[{\"@type\":\"ReadAction\",\"target\":[\"https:\/\/orcivalmusic.com\/index.php\/actus\/\"]}]},{\"@type\":\"ImageObject\",\"inLanguage\":\"fr-FR\",\"@id\":\"https:\/\/orcivalmusic.com\/index.php\/actus\/#primaryimage\",\"url\":\"http:\/\/orcivalmusic.com\/wp-content\/uploads\/2025\/03\/pochette-recto-seul-1024x1024.jpg\",\"contentUrl\":\"http:\/\/orcivalmusic.com\/wp-content\/uploads\/2025\/03\/pochette-recto-seul-1024x1024.jpg\"},{\"@type\":\"BreadcrumbList\",\"@id\":\"https:\/\/orcivalmusic.com\/index.php\/actus\/#breadcrumb\",\"itemListElement\":[{\"@type\":\"ListItem\",\"position\":1,\"name\":\"Accueil\",\"item\":\"https:\/\/orcivalmusic.com\/\"},{\"@type\":\"ListItem\",\"position\":2,\"name\":\"ACTUALITE\"}]},{\"@type\":\"WebSite\",\"@id\":\"https:\/\/orcivalmusic.com\/#website\",\"url\":\"https:\/\/orcivalmusic.com\/\",\"name\":\"ORCIVAL\",\"description\":\"Folk world des grands espaces\",\"publisher\":{\"@id\":\"https:\/\/orcivalmusic.com\/#\/schema\/person\/105532748ff7caabc5e4ad4d0df1ae7d\"},\"potentialAction\":[{\"@type\":\"SearchAction\",\"target\":{\"@type\":\"EntryPoint\",\"urlTemplate\":\"https:\/\/orcivalmusic.com\/?s={search_term_string}\"},\"query-input\":{\"@type\":\"PropertyValueSpecification\",\"valueRequired\":true,\"valueName\":\"search_term_string\"}}],\"inLanguage\":\"fr-FR\"},{\"@type\":[\"Person\",\"Organization\"],\"@id\":\"https:\/\/orcivalmusic.com\/#\/schema\/person\/105532748ff7caabc5e4ad4d0df1ae7d\",\"name\":\"julien\",\"image\":{\"@type\":\"ImageObject\",\"inLanguage\":\"fr-FR\",\"@id\":\"https:\/\/orcivalmusic.com\/#\/schema\/person\/image\/\",\"url\":\"https:\/\/orcivalmusic.com\/wp-content\/uploads\/2024\/02\/Tampon-transparent.png\",\"contentUrl\":\"https:\/\/orcivalmusic.com\/wp-content\/uploads\/2024\/02\/Tampon-transparent.png\",\"width\":5788,\"height\":1536,\"caption\":\"julien\"},\"logo\":{\"@id\":\"https:\/\/orcivalmusic.com\/#\/schema\/person\/image\/\"},\"sameAs\":[\"https:\/\/orcivalmusic.com\/\",\"https:\/\/www.facebook.com\/orcivalmusic\/\",\"https:\/\/www.instagram.com\/orcival_music\/\",\"https:\/\/www.youtube.com\/@orcival4550\"]}]}<\/script>\n<!-- \/ Yoast SEO plugin. -->","yoast_head_json":{"title":"ACTUALITE - ORCIVAL","robots":{"index":"index","follow":"follow","max-snippet":"max-snippet:-1","max-image-preview":"max-image-preview:large","max-video-preview":"max-video-preview:-1"},"canonical":"https:\/\/orcivalmusic.com\/index.php\/actus\/","og_locale":"fr_FR","og_type":"article","og_title":"ACTUALITE - ORCIVAL","og_description":"Un nouveau r\u00e9pertoire est en cours de finalisation! R\u00e9pertoire en Fran\u00e7ais apr\u00e8s 2 \u00e9tape successives sur Astafford avec Voix du Sud. C&rsquo;est un nouveau duo guitares \/chant et violoncelle qui voit le jour! En Fran\u00e7ais, anglais et musique instrumentale. Une pr\u00e9production de quelques morceaux du nouveau r\u00e9pertoire sont \u00e0 l&rsquo;\u00e9coute [&hellip;]","og_url":"https:\/\/orcivalmusic.com\/index.php\/actus\/","og_site_name":"ORCIVAL","article_publisher":"https:\/\/www.facebook.com\/orcivalmusic\/","article_modified_time":"2025-03-04T15:36:53+00:00","og_image":[{"url":"http:\/\/orcivalmusic.com\/wp-content\/uploads\/2025\/03\/pochette-recto-seul-1024x1024.jpg","type":"","width":"","height":""}],"twitter_card":"summary_large_image","twitter_misc":{"Dur\u00e9e de lecture estim\u00e9e":"2 minutes"},"schema":{"@context":"https:\/\/schema.org","@graph":[{"@type":"WebPage","@id":"https:\/\/orcivalmusic.com\/index.php\/actus\/","url":"https:\/\/orcivalmusic.com\/index.php\/actus\/","name":"ACTUALITE - ORCIVAL","isPartOf":{"@id":"https:\/\/orcivalmusic.com\/#website"},"primaryImageOfPage":{"@id":"https:\/\/orcivalmusic.com\/index.php\/actus\/#primaryimage"},"image":{"@id":"https:\/\/orcivalmusic.com\/index.php\/actus\/#primaryimage"},"thumbnailUrl":"http:\/\/orcivalmusic.com\/wp-content\/uploads\/2025\/03\/pochette-recto-seul-1024x1024.jpg","datePublished":"2018-12-11T15:45:59+00:00","dateModified":"2025-03-04T15:36:53+00:00","breadcrumb":{"@id":"https:\/\/orcivalmusic.com\/index.php\/actus\/#breadcrumb"},"inLanguage":"fr-FR","potentialAction":[{"@type":"ReadAction","target":["https:\/\/orcivalmusic.com\/index.php\/actus\/"]}]},{"@type":"ImageObject","inLanguage":"fr-FR","@id":"https:\/\/orcivalmusic.com\/index.php\/actus\/#primaryimage","url":"http:\/\/orcivalmusic.com\/wp-content\/uploads\/2025\/03\/pochette-recto-seul-1024x1024.jpg","contentUrl":"http:\/\/orcivalmusic.com\/wp-content\/uploads\/2025\/03\/pochette-recto-seul-1024x1024.jpg"},{"@type":"BreadcrumbList","@id":"https:\/\/orcivalmusic.com\/index.php\/actus\/#breadcrumb","itemListElement":[{"@type":"ListItem","position":1,"name":"Accueil","item":"https:\/\/orcivalmusic.com\/"},{"@type":"ListItem","position":2,"name":"ACTUALITE"}]},{"@type":"WebSite","@id":"https:\/\/orcivalmusic.com\/#website","url":"https:\/\/orcivalmusic.com\/","name":"ORCIVAL","description":"Folk world des grands espaces","publisher":{"@id":"https:\/\/orcivalmusic.com\/#\/schema\/person\/105532748ff7caabc5e4ad4d0df1ae7d"},"potentialAction":[{"@type":"SearchAction","target":{"@type":"EntryPoint","urlTemplate":"https:\/\/orcivalmusic.com\/?s={search_term_string}"},"query-input":{"@type":"PropertyValueSpecification","valueRequired":true,"valueName":"search_term_string"}}],"inLanguage":"fr-FR"},{"@type":["Person","Organization"],"@id":"https:\/\/orcivalmusic.com\/#\/schema\/person\/105532748ff7caabc5e4ad4d0df1ae7d","name":"julien","image":{"@type":"ImageObject","inLanguage":"fr-FR","@id":"https:\/\/orcivalmusic.com\/#\/schema\/person\/image\/","url":"https:\/\/orcivalmusic.com\/wp-content\/uploads\/2024\/02\/Tampon-transparent.png","contentUrl":"https:\/\/orcivalmusic.com\/wp-content\/uploads\/2024\/02\/Tampon-transparent.png","width":5788,"height":1536,"caption":"julien"},"logo":{"@id":"https:\/\/orcivalmusic.com\/#\/schema\/person\/image\/"},"sameAs":["https:\/\/orcivalmusic.com\/","https:\/\/www.facebook.com\/orcivalmusic\/","https:\/\/www.instagram.com\/orcival_music\/","https:\/\/www.youtube.com\/@orcival4550"]}]}},"_links":{"self":[{"href":"https:\/\/orcivalmusic.com\/index.php\/wp-json\/wp\/v2\/pages\/165","targetHints":{"allow":["GET"]}}],"collection":[{"href":"https:\/\/orcivalmusic.com\/index.php\/wp-json\/wp\/v2\/pages"}],"about":[{"href":"https:\/\/orcivalmusic.com\/index.php\/wp-json\/wp\/v2\/types\/page"}],"author":[{"embeddable":true,"href":"https:\/\/orcivalmusic.com\/index.php\/wp-json\/wp\/v2\/users\/1"}],"replies":[{"embeddable":true,"href":"https:\/\/orcivalmusic.com\/index.php\/wp-json\/wp\/v2\/comments?post=165"}],"version-history":[{"count":59,"href":"https:\/\/orcivalmusic.com\/index.php\/wp-json\/wp\/v2\/pages\/165\/revisions"}],"predecessor-version":[{"id":1102,"href":"https:\/\/orcivalmusic.com\/index.php\/wp-json\/wp\/v2\/pages\/165\/revisions\/1102"}],"wp:attachment":[{"href":"https:\/\/orcivalmusic.com\/index.php\/wp-json\/wp\/v2\/media?parent=165"}],"curies":[{"name":"wp","href":"https:\/\/api.w.org\/{rel}","templated":true}]}}